{"id":118,"date":"2021-05-29T16:56:05","date_gmt":"2021-05-29T14:56:05","guid":{"rendered":"http:\/\/levivierdesloges.com\/?page_id=118"},"modified":"2026-01-21T16:02:49","modified_gmt":"2026-01-21T15:02:49","slug":"tarifs-conditions","status":"publish","type":"page","link":"https:\/\/levivierdesloges.com\/index.php\/tarifs-conditions\/","title":{"rendered":"Tarifs &#038; conditions"},"content":{"rendered":"\n<h2>Tarifs 2026<\/h2>\n\n\n\n<figure class=\"wp-block-table\"><table><tbody><tr><td><strong>P\u00e9riode<\/strong><\/td><td class=\"has-text-align-center\" data-align=\"center\"><strong>La Roseraie &#8211; 6 pers.<\/strong><\/td><td class=\"has-text-align-center\" data-align=\"center\"><strong>L&rsquo;Oliveraie &#8211; 2 pers.<\/strong><\/td><\/tr><tr><td>Haute saison ( 27 \/06 au 04\/07 et du (22\/08 au 29\/08)<br><br><br><br><br>Tr\u00e8s Haute Saison (04\/07 au 22\/08)<br><\/td><td class=\"has-text-align-center\" data-align=\"center\"><strong>595\u20ac \/semaine<\/strong><br><em>2 nuits:357\u20ac <br>3 nuits :446\u20ac<\/em><br><em>4 nuits :505\u20ac<\/em><br><br><strong>695\u20ac\/semaine <\/strong><\/td><td class=\"has-text-align-center\" data-align=\"center\"><strong>420\u20ac\/semaine <\/strong><br><em>2 nuits:252 <\/em>\u20ac<br><em>3 nuits:315 \u20ac<\/em><br><em>4 nuits :357 \u20ac<\/em><br><br><strong>470\u20ac<\/strong>\/<strong>semaine<\/strong> <\/td><\/tr><tr><td>Moyenne saison ( 04\/04 au 27\/06)et du (29\/08 au 26\/09) ainsi que <strong><em>les vacances scolaires <\/em><\/strong>:<br><strong>06\/02 au 08\/03<\/strong>;<br><strong>17\/10 au 01\/11;<\/strong><br><strong>19\/12 au 03\/01;<br><\/strong><br><strong><br><\/strong><\/td><td class=\"has-text-align-center\" data-align=\"center\"><strong>550\u20ac\/semaine<\/strong><em><br>2 nuits: 330\u20ac<br>3 nuits: 412 \u20ac<br>4 nuits: 467 \u20ac<\/em><\/td><td class=\"has-text-align-center\" data-align=\"center\"><strong>360\u20ac\/semaine<\/strong><em><br>2 nuits: 216\u20ac<br>3 nuits: 270 \u20ac<br>4 nuits: 306 \u20ac<\/em><\/td><\/tr><tr><td>Basse saison ( 05\/01 au 04\/04 )  du (26\/09 au 19\/12 ) <\/td><td class=\"has-text-align-center\" data-align=\"center\"><strong>450\u20ac\/semaine<\/strong><em><br>2 nuits: 270 \u20ac<br>3 nuits: 337 \u20ac<br>4 nuits: 382 \u20ac<\/em><\/td><td class=\"has-text-align-center\" data-align=\"center\"><strong>310\u20ac\/semaine<\/strong><em><br>2 nuits: 186 \u20ac<br>3 nuits: 232 \u20ac<br>4 nuits: 263 \u20ac<\/em><\/td><\/tr><\/tbody><\/table><figcaption>Un acompte de 30% vous sera demand\u00e9 \u00e0 la r\u00e9servation. Au del\u00e0 de 4 nuits, la semaine compl\u00e8te est d\u00fbe.<\/figcaption><\/figure>\n\n\n\n<div style=\"height:46px\" aria-hidden=\"true\" class=\"wp-block-spacer\"><\/div>\n\n\n\n<p>Les g\u00eetes sont ouverts toute l&rsquo;ann\u00e9e.<\/p>\n\n\n\n<p>Une caution de 300\u20ac vous sera demand\u00e9e \u00e0 votre arriv\u00e9e pour le g\u00eete l&rsquo;Oliveraie, et 600\u20ac pour la Roseraie.<br>Moyens de paiements accept\u00e9s: CB, esp\u00e8ces et virements bancaires.<\/p>\n\n\n\n<p>La taxe de s\u00e9jour sera en suppl\u00e9ment.<\/p>\n\n\n\n<p>L&rsquo;eau, l&rsquo;\u00e9lectricit\u00e9 et le m\u00e9nage sont inclus dans le prix.<\/p>\n\n\n\n<p>Conditions d&rsquo;annulation jusqu&rsquo;\u00e0 deux semaines avant la date d&rsquo;arriv\u00e9e.<\/p>\n\n\n\n<p>Arriv\u00e9es \u00e0 partir de 17h ; d\u00e9parts avant 10h, et 9h pendant la Tr\u00e8s Haute Saison. <\/p>\n\n\n\n<p>Les draps seront fournis. A pr\u00e9voir le linge de toilette.<\/p>\n\n\n\n<p>Les animaux sont interdits.<\/p>\n\n\n\n<p>Nos g\u00eetes sont non fumeurs.<\/p>\n\n\n\n<p>Les f\u00eates et rassemblements ne sont pas autoris\u00e9s.<\/p>\n\n\n\n<h2>Conditions<\/h2>\n\n\n\n<p>Le s\u00e9jour aux g\u00eetes du vivier des Loges est soumis \u00e0 l&rsquo;acceptation des r\u00e8glements et conditions d&rsquo;utilisation que vous pouvez consulter ci-dessous:<\/p>\n\n\n\n<p><a rel=\"noreferrer noopener\" href=\"http:\/\/levivierdesloges.com\/wp-content\/uploads\/2021\/08\/Reglement_interieur_Oliveraie.pdf\" target=\"_blank\">R\u00e8glement int\u00e9rieur du g\u00eete de l&rsquo;Oliveraie<\/a><br><a rel=\"noreferrer noopener\" href=\"http:\/\/levivierdesloges.com\/wp-content\/uploads\/2021\/08\/Reglement_interieur_Roseraie.pdf\" target=\"_blank\">R\u00e8glement int\u00e9rieur du g\u00eete de la Roseraie<\/a><br><a href=\"http:\/\/levivierdesloges.com\/wp-content\/uploads\/2021\/08\/Reglement_interieur_Jacuzzi.pdf\" target=\"_blank\" rel=\"noreferrer noopener\">R\u00e8glement int\u00e9rieur du jacuzzi<\/a> &#8211; <a rel=\"noreferrer noopener\" href=\"http:\/\/levivierdesloges.com\/wp-content\/uploads\/2021\/08\/Reglement_interieur_Sauna.pdf\" target=\"_blank\">R\u00e8glement int\u00e9rieur du sauna<\/a><br>Le sauna et le jacuzzi sont accessibles apr\u00e8s signature d&rsquo;<a rel=\"noreferrer noopener\" href=\"http:\/\/levivierdesloges.com\/wp-content\/uploads\/2021\/08\/Decharge_Jacuzzi_Sauna.pdf\" target=\"_blank\">une d\u00e9charge<\/a>.<\/p>\n","protected":false},"excerpt":{"rendered":"<p>Tarifs 2026 P\u00e9riode La Roseraie &#8211; 6 pers. L&rsquo;Oliveraie &#8211; 2 pers. Haute saison ( 27 \/06 au 04\/07 et du (22\/08 au 29\/08) Tr\u00e8s Haute Saison (04\/07 au 22\/08) 595\u20ac \/semaine2 nuits:357\u20ac 3 nuits :446\u20ac4 nuits :505\u20ac 695\u20ac\/semaine 420\u20ac\/semaine 2 nuits:252 \u20ac3 nuits:315 \u20ac4 nuits :357 \u20ac 470\u20ac\/semaine Moyenne saison ( 04\/04 au 27\/06)et [&hellip;]<\/p>\n","protected":false},"author":2,"featured_media":0,"parent":0,"menu_order":0,"comment_status":"closed","ping_status":"closed","template":"","meta":[],"_links":{"self":[{"href":"https:\/\/levivierdesloges.com\/index.php\/wp-json\/wp\/v2\/pages\/118"}],"collection":[{"href":"https:\/\/levivierdesloges.com\/index.php\/wp-json\/wp\/v2\/pages"}],"about":[{"href":"https:\/\/levivierdesloges.com\/index.php\/wp-json\/wp\/v2\/types\/page"}],"author":[{"embeddable":true,"href":"https:\/\/levivierdesloges.com\/index.php\/wp-json\/wp\/v2\/users\/2"}],"replies":[{"embeddable":true,"href":"https:\/\/levivierdesloges.com\/index.php\/wp-json\/wp\/v2\/comments?post=118"}],"version-history":[{"count":48,"href":"https:\/\/levivierdesloges.com\/index.php\/wp-json\/wp\/v2\/pages\/118\/revisions"}],"predecessor-version":[{"id":520,"href":"https:\/\/levivierdesloges.com\/index.php\/wp-json\/wp\/v2\/pages\/118\/revisions\/520"}],"wp:attachment":[{"href":"https:\/\/levivierdesloges.com\/index.php\/wp-json\/wp\/v2\/media?parent=118"}],"curies":[{"name":"wp","href":"https:\/\/api.w.org\/{rel}","templated":true}]}}